{"id":86,"date":"2020-07-02T10:14:26","date_gmt":"2020-07-02T08:14:26","guid":{"rendered":"https:\/\/fewo-rebellius-trier.de\/?page_id=86"},"modified":"2024-07-22T09:53:59","modified_gmt":"2024-07-22T07:53:59","slug":"die-ferienwohnung","status":"publish","type":"page","link":"https:\/\/fewo-rebellius-trier.de\/en\/die-ferienwohnung\/","title":{"rendered":"The holiday apartment"},"content":{"rendered":"<p>Are you looking for a comfortable, quiet holiday apartment?<\/p>\n<p>Then you are exactly right with me in the south of Trier.<\/p>\n<p>The comfortable holiday flat is located on the ground floor and offers generous 90 square metres of living space. So, two adults have more than enough space &#8211; and so does a little kid (please bring along a travel-cot then)<\/p>\n<p>The equipment includes in detail:<\/p>\n<ul style=\"list-style-type: square;\">\n<li>a large, fully equipped kitchen with dining area<\/li>\n<li>a living room (with Sat.-TV) with attached dining room<\/li>\n<li>a bedroom with a large double bed<\/li>\n<li>a bathroom with a bathtub and ground-level shower<\/li>\n<li>Wardrobe and guest restroom in the entrance area<\/li>\n<li>Covered terrace with seating, barbecue and view into the garden<\/li>\n<li>own car parking space directly in front of the house<\/li>\n<li>Bicycles can be parked theft-proof and protected from the weather<\/li>\n<li>free WLAN<\/li>\n<\/ul>\n\t\n    <script src=\"https:\/\/ajax.googleapis.com\/ajax\/libs\/webfont\/1\/webfont.js\"><\/script>\n    \t\t\t\t<script type=\"text\/javascript\">\n\t\t\t\t\tWebFont.load({\n\t\t\t\t\t\tgoogle: {\n\t\t\t\t\t\t\tfamilies: ['Merriweather Sans'] \/\/ saved value\n\t\t\t\t\t\t}\n\t\t\t\t\t});\n\t\t\t\t<\/script>\n\t    \t<link href='https:\/\/fonts.googleapis.com\/css?family=Merriweather+Sans:300,400,600,700,900,300italic,400italic,600italic,700italic,900italic' rel='stylesheet' type='text\/css'>    <style>\n\t    #lbsp_122 .lbsp_home_portfolio_caption h3,.lb-data .lb-caption\n\t    {\n\t    \tfont-family:Merriweather Sans; \/\/ real name pass here\n\t    }\n\t    #lbsp_122 .lbsp_home_portfolio_caption h3,.lb-data .lb-caption{\n\t        font-family:Merriweather Sans; \/\/ real name pass here\n\t    }\n\n\t    #lbsp_122 .b-link-fade .b-wrapper,#lbsp_122 .b-link-fade .b-top-line{\n\t        background: rgba(184, 0, 71, 0.5);\n\t    }\n\t    #lbsp_122 .b-link-flow .b-wrapper,#lbsp_122 .b-link-flow .b-top-line{\n\t        background: rgba(184, 0, 71, 0.5);\n\t    }\n\t    #lbsp_122 .b-link-stroke .b-top-line{\n\t        background: rgba(184, 0, 71, 0.5);\n\t    }\n\t    #lbsp_122 .b-link-stroke .b-bottom-line{\n\t        background: rgba(184, 0, 71, 0.5);\n\t    }\n\n\t    #lbsp_122 .b-link-box .b-top-line{\n\n\t        border: 16px solid rgba(184, 0, 71, 0.5);\n\t    }\n\t    #lbsp_122 .b-link-box .b-bottom-line{\n\t        background: rgba(184, 0, 71, 0.5);\n\t    }\n\t    #lbsp_122 .b-link-stripe .b-line{\n\t        background: rgba(184, 0, 71, 0.5);\n\t    }\n\t    #lbsp_122 .b-link-apart-horisontal .b-top-line,#lbsp_122 .b-link-apart-horisontal .b-top-line-up{\n\t        background: rgba(184, 0, 71, 0.5);\n\n\t    }\n\t    #lbsp_122 .b-link-apart-horisontal .b-bottom-line,#lbsp_122 .b-link-apart-horisontal .b-bottom-line-up{\n\t        background: rgba(184, 0, 71, 0.5);\n\t    }\n\t    #lbsp_122 .b-link-apart-vertical .b-top-line,#lbsp_122 .b-link-apart-vertical .b-top-line-up{\n\t        background: rgba(184, 0, 71, 0.5);\n\t    }\n\t    #lbsp_122 .b-link-apart-vertical .b-bottom-line,#lbsp_122 .b-link-apart-vertical .b-bottom-line-up{\n\t        background: rgba(184, 0, 71, 0.5);\n\t    }\n\t    #lbsp_122 .b-link-diagonal .b-line{\n\t        background: rgba(184, 0, 71, 0.5);\n\t    }\n\n\t    #lbsp_122 .b-wrapper{\n\t        font-family:Merriweather Sans; \/\/ real name pass here\n\t    }\n\t    #lbsp_122 .b-wrapper{\n\t        font-family:Merriweather Sans; \/\/ real name pass here\n\t    }\n\t\t@media (min-width: 992px){\n\t\t\t#lbsp_122 .col-md-6 {\n\t\t\t\twidth: 49.97% !important;\n\t\t\t}\n\t\t\t#lbsp_122 .col-md-4 {\n\t\t\t\twidth: 33.30% !important;\n\t\t\t}\n\t\t\t#lbsp_122 .col-md-3 {\n\t\t\t\twidth: 24.90% !important;\n\t\t\t}\n\t\t\t#lbsp_122 .col-md-2 {\n\t\t\t\twidth: 16.60% !important;\n\t\t\t}\n\t\t}\n\t\t#lbsp_122 .lbsp_home_portfolio_caption{\n\t\t\tbackground:#FFFFFF;\n\t\t}\n\t\t#lbsp_122 .lbsp_home_portfolio_caption h3{\n\t\t\tcolor:#eeeeee;\n\t\t}\n\t\t\t\t#lbsp_122 i.fas.fa-camera {\n\t\t\tcolor:#FFFFFF!important;\n\t\t}\n\t\t\t\t#lbsp_122 .img-box-shadow{\n\t\t\tbox-shadow: 0 0 6px rgba(0,0,0,.7);\n\t\t}\n\t\t\t\t.fnf{\n\t\t\tbackground-color: #ff000091;\n\t\t\tborder-radius: 5px;\n\t\t\tcolor: #fff;\n\t\t\tfont-family: initial;\n\t\t\ttext-align: center;\n\t\t\tpadding:4px;\n\t\t}\n\t\tborder-bottom: 1px solid #fff;\r\nfont-size:50px;    <\/style>\n\n    \n    <div  class=\"gal-container \" id=\"lbsp_122\">\n\t\t\t\t\t<!--get the post id-->\n\t\t\t\t\t\t\t\t\t<div style=\"display:block;float:left\">\n\t\t\t\n\t\t\t\t<!--Gallery Title-->\n\t\t\t\t\t\t\t\t<div style=\"font-family:Merriweather Sans; font-weight: bolder; padding-bottom:20px; border-bottom:2px solid #cccccc;margin-bottom: 20px\">\n\t\t\t\t\tThe holiday apartment\t\t\t\t<\/div>\n\t\t\t\t\t\t\t\t\n\t\t\t\t<div class=\"\">\n\t\t\t\t\t\t\t\t\t\t\t\t<div class=\"col-md-3 col-sm-6 wl-gallery\" >\n\t\t\t\t\t\t\t\t<div class=\"img-box-shadow\">\n\t\t\t\t\t\t\t\t\t\t\t\t\t\t\t\t\t<div class=\"b-link-stripe b-animate-go\">\n\t\t\t\t\t\t\t\t\t\n\t\t\t\t\t\t\t\t\t\t<img decoding=\"async\" src=\"https:\/\/fewo-rebellius-trier.de\/wp-content\/uploads\/gal_fewo_Wohnzimmer-400x400.jpg\" class=\"gall-img-responsive\" alt=\"Das Wohnzimmer\/The living room\">\n\t\t\t\t\t\t\t\t\t\t<div class=\"b-wrapper\">\n\t\t\t\t\t\t\t\t\t\t\t<p class=\"b-from-right b-animate b-delay03\">\n\t\t\t\t\t\t\t\t\t\t\t\t\t\t\t\t\t\t\t\t\t\t\t\t\t<a title=\"Das Wohnzimmer\/The living room\" class=\"fancybox_122\" data-fancybox-group=\"gallery\"  href=\"https:\/\/fewo-rebellius-trier.de\/wp-content\/uploads\/gal_fewo_Wohnzimmer.jpg\" style=\"color:#FFFFFF;\">\n\t\t\t\t\t\t\t\t\t\t\t\t\t\t<i class=\"fas fa-camera fa-3x\"><\/i>\n\t\t\t\t\t\t\t\t\t\t\t\t\t\t<img decoding=\"async\" src=\"https:\/\/fewo-rebellius-trier.de\/wp-content\/uploads\/gal_fewo_Wohnzimmer-400x400.jpg\" class=\"gall-img-responsive\" style=\"display:none !important; visibility:hidden\" alt=\"Das Wohnzimmer\/The living room\">\n\t\t\t\t\t\t\t\t\t\t\t\t\t<\/a>\n\t\t\t\t\t\t\t\t\t\t\t\t\t\t\t\t\t\t\t\t\t\t\t\t<\/p>\n\t\t\t\t\t\t\t\t\t\t<\/div>\n\t\t\t\t\t\t\t\t\t<\/div>\t\n\t\t\t\t\t\t\t\t\t\t\t\t\t\t\t\t\t\t\t\n\t\t\t\t\t\t\t\t\t\t\t\t\t\t\t\t\t\t<!--Gallery Label-->\n\t\t\t\t\t\t\t\t\t\t\t\t\t\t\t\t\t<\/div>\n\t\t\t\t\t\t\t<\/div>\n\t\t\t\t\t\t\t\t\t\t\t\t\t\t<div class=\"col-md-3 col-sm-6 wl-gallery\" >\n\t\t\t\t\t\t\t\t<div class=\"img-box-shadow\">\n\t\t\t\t\t\t\t\t\t\t\t\t\t\t\t\t\t<div class=\"b-link-stripe b-animate-go\">\n\t\t\t\t\t\t\t\t\t\n\t\t\t\t\t\t\t\t\t\t<img decoding=\"async\" src=\"https:\/\/fewo-rebellius-trier.de\/wp-content\/uploads\/gal_fewo_Essecke-400x400.jpg\" class=\"gall-img-responsive\" alt=\"Separate Sitzecke\/Sitting area\">\n\t\t\t\t\t\t\t\t\t\t<div class=\"b-wrapper\">\n\t\t\t\t\t\t\t\t\t\t\t<p class=\"b-from-right b-animate b-delay03\">\n\t\t\t\t\t\t\t\t\t\t\t\t\t\t\t\t\t\t\t\t\t\t\t\t\t<a title=\"Separate Sitzecke\/Sitting area\" class=\"fancybox_122\" data-fancybox-group=\"gallery\"  href=\"https:\/\/fewo-rebellius-trier.de\/wp-content\/uploads\/gal_fewo_Essecke.jpg\" style=\"color:#FFFFFF;\">\n\t\t\t\t\t\t\t\t\t\t\t\t\t\t<i class=\"fas fa-camera fa-3x\"><\/i>\n\t\t\t\t\t\t\t\t\t\t\t\t\t\t<img decoding=\"async\" src=\"https:\/\/fewo-rebellius-trier.de\/wp-content\/uploads\/gal_fewo_Essecke-400x400.jpg\" class=\"gall-img-responsive\" style=\"display:none !important; visibility:hidden\" alt=\"Separate Sitzecke\/Sitting area\">\n\t\t\t\t\t\t\t\t\t\t\t\t\t<\/a>\n\t\t\t\t\t\t\t\t\t\t\t\t\t\t\t\t\t\t\t\t\t\t\t\t<\/p>\n\t\t\t\t\t\t\t\t\t\t<\/div>\n\t\t\t\t\t\t\t\t\t<\/div>\t\n\t\t\t\t\t\t\t\t\t\t\t\t\t\t\t\t\t\t\t\n\t\t\t\t\t\t\t\t\t\t\t\t\t\t\t\t\t\t<!--Gallery Label-->\n\t\t\t\t\t\t\t\t\t\t\t\t\t\t\t\t\t<\/div>\n\t\t\t\t\t\t\t<\/div>\n\t\t\t\t\t\t\t\t\t\t\t\t\t\t<div class=\"col-md-3 col-sm-6 wl-gallery\" >\n\t\t\t\t\t\t\t\t<div class=\"img-box-shadow\">\n\t\t\t\t\t\t\t\t\t\t\t\t\t\t\t\t\t<div class=\"b-link-stripe b-animate-go\">\n\t\t\t\t\t\t\t\t\t\n\t\t\t\t\t\t\t\t\t\t<img decoding=\"async\" src=\"https:\/\/fewo-rebellius-trier.de\/wp-content\/uploads\/gal_fewo_Esszimmer-400x400.jpg\" class=\"gall-img-responsive\" alt=\"Essbereich\/Dining area\">\n\t\t\t\t\t\t\t\t\t\t<div class=\"b-wrapper\">\n\t\t\t\t\t\t\t\t\t\t\t<p class=\"b-from-right b-animate b-delay03\">\n\t\t\t\t\t\t\t\t\t\t\t\t\t\t\t\t\t\t\t\t\t\t\t\t\t<a title=\"Essbereich\/Dining area\" class=\"fancybox_122\" data-fancybox-group=\"gallery\"  href=\"https:\/\/fewo-rebellius-trier.de\/wp-content\/uploads\/gal_fewo_Esszimmer.jpg\" style=\"color:#FFFFFF;\">\n\t\t\t\t\t\t\t\t\t\t\t\t\t\t<i class=\"fas fa-camera fa-3x\"><\/i>\n\t\t\t\t\t\t\t\t\t\t\t\t\t\t<img decoding=\"async\" src=\"https:\/\/fewo-rebellius-trier.de\/wp-content\/uploads\/gal_fewo_Esszimmer-400x400.jpg\" class=\"gall-img-responsive\" style=\"display:none !important; visibility:hidden\" alt=\"Essbereich\/Dining area\">\n\t\t\t\t\t\t\t\t\t\t\t\t\t<\/a>\n\t\t\t\t\t\t\t\t\t\t\t\t\t\t\t\t\t\t\t\t\t\t\t\t<\/p>\n\t\t\t\t\t\t\t\t\t\t<\/div>\n\t\t\t\t\t\t\t\t\t<\/div>\t\n\t\t\t\t\t\t\t\t\t\t\t\t\t\t\t\t\t\t\t\n\t\t\t\t\t\t\t\t\t\t\t\t\t\t\t\t\t\t<!--Gallery Label-->\n\t\t\t\t\t\t\t\t\t\t\t\t\t\t\t\t\t<\/div>\n\t\t\t\t\t\t\t<\/div>\n\t\t\t\t\t\t\t\t\t\t\t\t\t\t<div class=\"col-md-3 col-sm-6 wl-gallery\" >\n\t\t\t\t\t\t\t\t<div class=\"img-box-shadow\">\n\t\t\t\t\t\t\t\t\t\t\t\t\t\t\t\t\t<div class=\"b-link-stripe b-animate-go\">\n\t\t\t\t\t\t\t\t\t\n\t\t\t\t\t\t\t\t\t\t<img decoding=\"async\" src=\"https:\/\/fewo-rebellius-trier.de\/wp-content\/uploads\/gal_fewo_Kueche-400x400.jpg\" class=\"gall-img-responsive\" alt=\"Kueche mit Vollausstattung\/Kitchen\">\n\t\t\t\t\t\t\t\t\t\t<div class=\"b-wrapper\">\n\t\t\t\t\t\t\t\t\t\t\t<p class=\"b-from-right b-animate b-delay03\">\n\t\t\t\t\t\t\t\t\t\t\t\t\t\t\t\t\t\t\t\t\t\t\t\t\t<a title=\"Kueche mit Vollausstattung\/Kitchen\" class=\"fancybox_122\" data-fancybox-group=\"gallery\"  href=\"https:\/\/fewo-rebellius-trier.de\/wp-content\/uploads\/gal_fewo_Kueche.jpg\" style=\"color:#FFFFFF;\">\n\t\t\t\t\t\t\t\t\t\t\t\t\t\t<i class=\"fas fa-camera fa-3x\"><\/i>\n\t\t\t\t\t\t\t\t\t\t\t\t\t\t<img decoding=\"async\" src=\"https:\/\/fewo-rebellius-trier.de\/wp-content\/uploads\/gal_fewo_Kueche-400x400.jpg\" class=\"gall-img-responsive\" style=\"display:none !important; visibility:hidden\" alt=\"Kueche mit Vollausstattung\/Kitchen\">\n\t\t\t\t\t\t\t\t\t\t\t\t\t<\/a>\n\t\t\t\t\t\t\t\t\t\t\t\t\t\t\t\t\t\t\t\t\t\t\t\t<\/p>\n\t\t\t\t\t\t\t\t\t\t<\/div>\n\t\t\t\t\t\t\t\t\t<\/div>\t\n\t\t\t\t\t\t\t\t\t\t\t\t\t\t\t\t\t\t\t\n\t\t\t\t\t\t\t\t\t\t\t\t\t\t\t\t\t\t<!--Gallery Label-->\n\t\t\t\t\t\t\t\t\t\t\t\t\t\t\t\t\t<\/div>\n\t\t\t\t\t\t\t<\/div>\n\t\t\t\t\t\t\t\t\t\t\t\t\t\t<div class=\"col-md-3 col-sm-6 wl-gallery\" >\n\t\t\t\t\t\t\t\t<div class=\"img-box-shadow\">\n\t\t\t\t\t\t\t\t\t\t\t\t\t\t\t\t\t<div class=\"b-link-stripe b-animate-go\">\n\t\t\t\t\t\t\t\t\t\n\t\t\t\t\t\t\t\t\t\t<img decoding=\"async\" src=\"https:\/\/fewo-rebellius-trier.de\/wp-content\/uploads\/gal_fewo_Terrasse-400x400.jpg\" class=\"gall-img-responsive\" alt=\"Sitzecke auf der Terasse\/Sitting area on the terrace\">\n\t\t\t\t\t\t\t\t\t\t<div class=\"b-wrapper\">\n\t\t\t\t\t\t\t\t\t\t\t<p class=\"b-from-right b-animate b-delay03\">\n\t\t\t\t\t\t\t\t\t\t\t\t\t\t\t\t\t\t\t\t\t\t\t\t\t<a title=\"Sitzecke auf der Terasse\/Sitting area on the terrace\" class=\"fancybox_122\" data-fancybox-group=\"gallery\"  href=\"https:\/\/fewo-rebellius-trier.de\/wp-content\/uploads\/gal_fewo_Terrasse.jpg\" style=\"color:#FFFFFF;\">\n\t\t\t\t\t\t\t\t\t\t\t\t\t\t<i class=\"fas fa-camera fa-3x\"><\/i>\n\t\t\t\t\t\t\t\t\t\t\t\t\t\t<img decoding=\"async\" src=\"https:\/\/fewo-rebellius-trier.de\/wp-content\/uploads\/gal_fewo_Terrasse-400x400.jpg\" class=\"gall-img-responsive\" style=\"display:none !important; visibility:hidden\" alt=\"Sitzecke auf der Terasse\/Sitting area on the terrace\">\n\t\t\t\t\t\t\t\t\t\t\t\t\t<\/a>\n\t\t\t\t\t\t\t\t\t\t\t\t\t\t\t\t\t\t\t\t\t\t\t\t<\/p>\n\t\t\t\t\t\t\t\t\t\t<\/div>\n\t\t\t\t\t\t\t\t\t<\/div>\t\n\t\t\t\t\t\t\t\t\t\t\t\t\t\t\t\t\t\t\t\n\t\t\t\t\t\t\t\t\t\t\t\t\t\t\t\t\t\t<!--Gallery Label-->\n\t\t\t\t\t\t\t\t\t\t\t\t\t\t\t\t\t<\/div>\n\t\t\t\t\t\t\t<\/div>\n\t\t\t\t\t\t\t\t\t\t\t\t\t\t<div class=\"col-md-3 col-sm-6 wl-gallery\" >\n\t\t\t\t\t\t\t\t<div class=\"img-box-shadow\">\n\t\t\t\t\t\t\t\t\t\t\t\t\t\t\t\t\t<div class=\"b-link-stripe b-animate-go\">\n\t\t\t\t\t\t\t\t\t\n\t\t\t\t\t\t\t\t\t\t<img decoding=\"async\" src=\"https:\/\/fewo-rebellius-trier.de\/wp-content\/uploads\/gal_fewo_Schlafzimmer-400x400.jpg\" class=\"gall-img-responsive\" alt=\"Schlafzimmer\/Bedroom\">\n\t\t\t\t\t\t\t\t\t\t<div class=\"b-wrapper\">\n\t\t\t\t\t\t\t\t\t\t\t<p class=\"b-from-right b-animate b-delay03\">\n\t\t\t\t\t\t\t\t\t\t\t\t\t\t\t\t\t\t\t\t\t\t\t\t\t<a title=\"Schlafzimmer\/Bedroom\" class=\"fancybox_122\" data-fancybox-group=\"gallery\"  href=\"https:\/\/fewo-rebellius-trier.de\/wp-content\/uploads\/gal_fewo_Schlafzimmer.jpg\" style=\"color:#FFFFFF;\">\n\t\t\t\t\t\t\t\t\t\t\t\t\t\t<i class=\"fas fa-camera fa-3x\"><\/i>\n\t\t\t\t\t\t\t\t\t\t\t\t\t\t<img decoding=\"async\" src=\"https:\/\/fewo-rebellius-trier.de\/wp-content\/uploads\/gal_fewo_Schlafzimmer-400x400.jpg\" class=\"gall-img-responsive\" style=\"display:none !important; visibility:hidden\" alt=\"Schlafzimmer\/Bedroom\">\n\t\t\t\t\t\t\t\t\t\t\t\t\t<\/a>\n\t\t\t\t\t\t\t\t\t\t\t\t\t\t\t\t\t\t\t\t\t\t\t\t<\/p>\n\t\t\t\t\t\t\t\t\t\t<\/div>\n\t\t\t\t\t\t\t\t\t<\/div>\t\n\t\t\t\t\t\t\t\t\t\t\t\t\t\t\t\t\t\t\t\n\t\t\t\t\t\t\t\t\t\t\t\t\t\t\t\t\t\t<!--Gallery Label-->\n\t\t\t\t\t\t\t\t\t\t\t\t\t\t\t\t\t<\/div>\n\t\t\t\t\t\t\t<\/div>\n\t\t\t\t\t\t\t\t\t\t\t\t\t\t<div class=\"col-md-3 col-sm-6 wl-gallery\" >\n\t\t\t\t\t\t\t\t<div class=\"img-box-shadow\">\n\t\t\t\t\t\t\t\t\t\t\t\t\t\t\t\t\t<div class=\"b-link-stripe b-animate-go\">\n\t\t\t\t\t\t\t\t\t\n\t\t\t\t\t\t\t\t\t\t<img decoding=\"async\" src=\"https:\/\/fewo-rebellius-trier.de\/wp-content\/uploads\/gal_fewo_Bad-400x400.jpg\" class=\"gall-img-responsive\" alt=\"Bad ...\/Bathroom ...\">\n\t\t\t\t\t\t\t\t\t\t<div class=\"b-wrapper\">\n\t\t\t\t\t\t\t\t\t\t\t<p class=\"b-from-right b-animate b-delay03\">\n\t\t\t\t\t\t\t\t\t\t\t\t\t\t\t\t\t\t\t\t\t\t\t\t\t<a title=\"Bad ...\/Bathroom ...\" class=\"fancybox_122\" data-fancybox-group=\"gallery\"  href=\"https:\/\/fewo-rebellius-trier.de\/wp-content\/uploads\/gal_fewo_Bad.jpg\" style=\"color:#FFFFFF;\">\n\t\t\t\t\t\t\t\t\t\t\t\t\t\t<i class=\"fas fa-camera fa-3x\"><\/i>\n\t\t\t\t\t\t\t\t\t\t\t\t\t\t<img decoding=\"async\" src=\"https:\/\/fewo-rebellius-trier.de\/wp-content\/uploads\/gal_fewo_Bad-400x400.jpg\" class=\"gall-img-responsive\" style=\"display:none !important; visibility:hidden\" alt=\"Bad ...\/Bathroom ...\">\n\t\t\t\t\t\t\t\t\t\t\t\t\t<\/a>\n\t\t\t\t\t\t\t\t\t\t\t\t\t\t\t\t\t\t\t\t\t\t\t\t<\/p>\n\t\t\t\t\t\t\t\t\t\t<\/div>\n\t\t\t\t\t\t\t\t\t<\/div>\t\n\t\t\t\t\t\t\t\t\t\t\t\t\t\t\t\t\t\t\t\n\t\t\t\t\t\t\t\t\t\t\t\t\t\t\t\t\t\t<!--Gallery Label-->\n\t\t\t\t\t\t\t\t\t\t\t\t\t\t\t\t\t<\/div>\n\t\t\t\t\t\t\t<\/div>\n\t\t\t\t\t\t\t\t\t\t\t\t\t\t<div class=\"col-md-3 col-sm-6 wl-gallery\" >\n\t\t\t\t\t\t\t\t<div class=\"img-box-shadow\">\n\t\t\t\t\t\t\t\t\t\t\t\t\t\t\t\t\t<div class=\"b-link-stripe b-animate-go\">\n\t\t\t\t\t\t\t\t\t\n\t\t\t\t\t\t\t\t\t\t<img decoding=\"async\" src=\"https:\/\/fewo-rebellius-trier.de\/wp-content\/uploads\/gal_fewo_Dusche-400x400.jpg\" class=\"gall-img-responsive\" alt=\"... und Dusche\/... and shower\">\n\t\t\t\t\t\t\t\t\t\t<div class=\"b-wrapper\">\n\t\t\t\t\t\t\t\t\t\t\t<p class=\"b-from-right b-animate b-delay03\">\n\t\t\t\t\t\t\t\t\t\t\t\t\t\t\t\t\t\t\t\t\t\t\t\t\t<a title=\"... und Dusche\/... and shower\" class=\"fancybox_122\" data-fancybox-group=\"gallery\"  href=\"https:\/\/fewo-rebellius-trier.de\/wp-content\/uploads\/gal_fewo_Dusche.jpg\" style=\"color:#FFFFFF;\">\n\t\t\t\t\t\t\t\t\t\t\t\t\t\t<i class=\"fas fa-camera fa-3x\"><\/i>\n\t\t\t\t\t\t\t\t\t\t\t\t\t\t<img decoding=\"async\" src=\"https:\/\/fewo-rebellius-trier.de\/wp-content\/uploads\/gal_fewo_Dusche-400x400.jpg\" class=\"gall-img-responsive\" style=\"display:none !important; visibility:hidden\" alt=\"... und Dusche\/... and shower\">\n\t\t\t\t\t\t\t\t\t\t\t\t\t<\/a>\n\t\t\t\t\t\t\t\t\t\t\t\t\t\t\t\t\t\t\t\t\t\t\t\t<\/p>\n\t\t\t\t\t\t\t\t\t\t<\/div>\n\t\t\t\t\t\t\t\t\t<\/div>\t\n\t\t\t\t\t\t\t\t\t\t\t\t\t\t\t\t\t\t\t\n\t\t\t\t\t\t\t\t\t\t\t\t\t\t\t\t\t\t<!--Gallery Label-->\n\t\t\t\t\t\t\t\t\t\t\t\t\t\t\t\t\t<\/div>\n\t\t\t\t\t\t\t<\/div>\n\t\t\t\t\t\t\t\t\t\t\t<\/div>\n\t\t\t\t\t\t<\/div>\n\t\t\t\t\n\t\t    <\/div>\n\n\t<!-- Photo box-->\n    \t\n\t\n\t<!-- Swipe Box-->\n\t\t\n\t<!-- Magnific box-->\n\t\t\n\t\n\t<!-- Fancy box-->\n\t\t<script type=\"text\/javascript\">\n\tjQuery(document).ready(function() {\n\t\tjQuery('.fancybox_122').fancybox();\n\t});\n\t<\/script>\n\t\t\t\n        \n<p>The upper floor is inhabited by the renter.<\/p>\n<p>Service in the vicinity<\/p>\n<ul style=\"list-style-type: square;\">\n<li>Direct city bus connection (bus stop only two minutes away)<\/li>\n<li>public swimming pool (only five minutes on foot)<\/li>\n<li>Trier city centre only about four kilometres away. A bus ride to the centre takes about 12 minutes. On foot you need about 40 minutes<\/li>\n<li>Our shopping centre with two grocery stores, a bakery, a drugstore, a clothes shop, a shoe shop, a pharmacy, a cobbler, a flower shop, a kebab snack and much more is only an eight-minutes-walk away.<\/li>\n<li>A nice ice cream parlour and a pizzeria you could also find in the neighbourhood.<\/li>\n<\/ul>\n","protected":false},"excerpt":{"rendered":"<p>Are you looking for a comfortable, quiet holiday apartment? Then you are exactly right with me in the south of Trier. The comfortable holiday flat is located on the ground floor and offers generous 90 square metres of living space. So, two adults have more than enough space &#8211; and [\u2026] <\/p>\n<div class=\"clear\"><\/div>\n<p><a class=\"more_link clearfix\" href=\"https:\/\/fewo-rebellius-trier.de\/en\/?p=122\" rel=\"nofollow\">Read More &rarr;<\/a><\/p>\n","protected":false},"author":1,"featured_media":473,"parent":0,"menu_order":13,"comment_status":"closed","ping_status":"closed","template":"","meta":{"footnotes":""},"class_list":["post-86","page","type-page","status-publish","has-post-thumbnail","hentry"],"translation":{"provider":"WPGlobus","version":"3.0.2","language":"en","enabled_languages":["de","en"],"languages":{"de":{"title":true,"content":true,"excerpt":false},"en":{"title":true,"content":true,"excerpt":false}}},"yoast_head":"<!-- This site is optimized with the Yoast SEO plugin v27.5 - https:\/\/yoast.com\/product\/yoast-seo-wordpress\/ -->\n<title>The holiday apartment - Holiday apartment Rebellius Trier<\/title>\n<meta name=\"robots\" content=\"index, follow, max-snippet:-1, max-image-preview:large, max-video-preview:-1\" \/>\n<link rel=\"canonical\" href=\"https:\/\/fewo-rebellius-trier.de\/die-ferienwohnung\/\" \/>\n<meta property=\"og:locale\" content=\"en_US\" \/>\n<meta property=\"og:type\" content=\"article\" \/>\n<meta property=\"og:title\" content=\"The holiday apartment - Holiday apartment Rebellius Trier\" \/>\n<meta property=\"og:url\" content=\"https:\/\/fewo-rebellius-trier.de\/die-ferienwohnung\/\" \/>\n<meta property=\"og:site_name\" content=\"Holiday apartment Rebellius Trier\" \/>\n<meta property=\"article:modified_time\" content=\"2024-07-22T07:53:59+00:00\" \/>\n<meta property=\"og:image\" content=\"https:\/\/fewo-rebellius-trier.de\/wp-content\/uploads\/p_rbellius_dom_trier-stripe.jpg\" \/>\n\t<meta property=\"og:image:width\" content=\"1920\" \/>\n\t<meta property=\"og:image:height\" content=\"400\" \/>\n\t<meta property=\"og:image:type\" content=\"image\/jpeg\" \/>\n<meta name=\"twitter:card\" content=\"summary_large_image\" \/>\n<meta name=\"twitter:label1\" content=\"Est. reading time\" \/>\n\t<meta name=\"twitter:data1\" content=\"2 minutes\" \/>\n<script type=\"application\/ld+json\" class=\"yoast-schema-graph\">{\"@context\":\"https:\\\/\\\/schema.org\",\"@graph\":[{\"@type\":\"WebPage\",\"@id\":\"https:\\\/\\\/fewo-rebellius-trier.de\\\/die-ferienwohnung\\\/\",\"url\":\"https:\\\/\\\/fewo-rebellius-trier.de\\\/die-ferienwohnung\\\/\",\"name\":\"The holiday apartment - Holiday apartment Rebellius Trier\",\"isPartOf\":{\"@id\":\"https:\\\/\\\/fewo-rebellius-trier.de\\\/#website\"},\"primaryImageOfPage\":{\"@id\":\"https:\\\/\\\/fewo-rebellius-trier.de\\\/die-ferienwohnung\\\/#primaryimage\"},\"image\":{\"@id\":\"https:\\\/\\\/fewo-rebellius-trier.de\\\/die-ferienwohnung\\\/#primaryimage\"},\"thumbnailUrl\":\"https:\\\/\\\/fewo-rebellius-trier.de\\\/wp-content\\\/uploads\\\/p_rbellius_dom_trier-stripe.jpg\",\"datePublished\":\"2020-07-02T08:14:26+00:00\",\"dateModified\":\"2024-07-22T07:53:59+00:00\",\"description\":\"Gro\u00dfz\u00fcgige Ferienwohnung mit Vollausstattung im S\u00fcden von Trier, Kfz.- und Fahrrad-Stellplatz. Vollausstattung mit Wonzimmer, K\u00fcche, Bad und Terrasse,\",\"breadcrumb\":{\"@id\":\"https:\\\/\\\/fewo-rebellius-trier.de\\\/die-ferienwohnung\\\/#breadcrumb\"},\"inLanguage\":\"en-US\",\"potentialAction\":[{\"@type\":\"ReadAction\",\"target\":[\"https:\\\/\\\/fewo-rebellius-trier.de\\\/die-ferienwohnung\\\/\"]}]},{\"@type\":\"ImageObject\",\"inLanguage\":\"en-US\",\"@id\":\"https:\\\/\\\/fewo-rebellius-trier.de\\\/die-ferienwohnung\\\/#primaryimage\",\"url\":\"https:\\\/\\\/fewo-rebellius-trier.de\\\/wp-content\\\/uploads\\\/p_rbellius_dom_trier-stripe.jpg\",\"contentUrl\":\"https:\\\/\\\/fewo-rebellius-trier.de\\\/wp-content\\\/uploads\\\/p_rbellius_dom_trier-stripe.jpg\",\"width\":1920,\"height\":400,\"caption\":\"P Rebellius Dom zu Trier\"},{\"@type\":\"BreadcrumbList\",\"@id\":\"https:\\\/\\\/fewo-rebellius-trier.de\\\/die-ferienwohnung\\\/#breadcrumb\",\"itemListElement\":[{\"@type\":\"ListItem\",\"position\":1,\"name\":\"Startseite\",\"item\":\"https:\\\/\\\/fewo-rebellius-trier.de\\\/\"},{\"@type\":\"ListItem\",\"position\":2,\"name\":\"Die Ferienwohnung\"}]},{\"@type\":\"WebSite\",\"@id\":\"https:\\\/\\\/fewo-rebellius-trier.de\\\/#website\",\"url\":\"https:\\\/\\\/fewo-rebellius-trier.de\\\/\",\"name\":\"Holiday apartment Rebellius Trier\",\"description\":\"Einfach entspannt Urlaub machen ...\",\"publisher\":{\"@id\":\"https:\\\/\\\/fewo-rebellius-trier.de\\\/#organization\"},\"potentialAction\":[{\"@type\":\"SearchAction\",\"target\":{\"@type\":\"EntryPoint\",\"urlTemplate\":\"https:\\\/\\\/fewo-rebellius-trier.de\\\/?s={search_term_string}\"},\"query-input\":{\"@type\":\"PropertyValueSpecification\",\"valueRequired\":true,\"valueName\":\"search_term_string\"}}],\"inLanguage\":\"en-US\"},{\"@type\":\"Organization\",\"@id\":\"https:\\\/\\\/fewo-rebellius-trier.de\\\/#organization\",\"name\":\"Holiday apartment Rebellius Trier\",\"url\":\"https:\\\/\\\/fewo-rebellius-trier.de\\\/\",\"logo\":{\"@type\":\"ImageObject\",\"inLanguage\":\"en-US\",\"@id\":\"https:\\\/\\\/fewo-rebellius-trier.de\\\/#\\\/schema\\\/logo\\\/image\\\/\",\"url\":\"https:\\\/\\\/fewo-rebellius-trier.de\\\/wp-content\\\/uploads\\\/logo-fewo-rebellius-750px-1.png\",\"contentUrl\":\"https:\\\/\\\/fewo-rebellius-trier.de\\\/wp-content\\\/uploads\\\/logo-fewo-rebellius-750px-1.png\",\"width\":750,\"height\":200,\"caption\":\"Holiday apartment Rebellius Trier\"},\"image\":{\"@id\":\"https:\\\/\\\/fewo-rebellius-trier.de\\\/#\\\/schema\\\/logo\\\/image\\\/\"}}]}<\/script>\n<!-- \/ Yoast SEO plugin. -->","yoast_head_json":{"title":"The holiday apartment - Holiday apartment Rebellius Trier","robots":{"index":"index","follow":"follow","max-snippet":"max-snippet:-1","max-image-preview":"max-image-preview:large","max-video-preview":"max-video-preview:-1"},"canonical":"https:\/\/fewo-rebellius-trier.de\/die-ferienwohnung\/","og_locale":"en_US","og_type":"article","og_title":"The holiday apartment - Holiday apartment Rebellius Trier","og_url":"https:\/\/fewo-rebellius-trier.de\/die-ferienwohnung\/","og_site_name":"Holiday apartment Rebellius Trier","article_modified_time":"2024-07-22T07:53:59+00:00","og_image":[{"width":1920,"height":400,"url":"https:\/\/fewo-rebellius-trier.de\/wp-content\/uploads\/p_rbellius_dom_trier-stripe.jpg","type":"image\/jpeg"}],"twitter_card":"summary_large_image","twitter_misc":{"Est. reading time":"2 minutes"},"schema":{"@context":"https:\/\/schema.org","@graph":[{"@type":"WebPage","@id":"https:\/\/fewo-rebellius-trier.de\/die-ferienwohnung\/","url":"https:\/\/fewo-rebellius-trier.de\/die-ferienwohnung\/","name":"The holiday apartment - Holiday apartment Rebellius Trier","isPartOf":{"@id":"https:\/\/fewo-rebellius-trier.de\/#website"},"primaryImageOfPage":{"@id":"https:\/\/fewo-rebellius-trier.de\/die-ferienwohnung\/#primaryimage"},"image":{"@id":"https:\/\/fewo-rebellius-trier.de\/die-ferienwohnung\/#primaryimage"},"thumbnailUrl":"https:\/\/fewo-rebellius-trier.de\/wp-content\/uploads\/p_rbellius_dom_trier-stripe.jpg","datePublished":"2020-07-02T08:14:26+00:00","dateModified":"2024-07-22T07:53:59+00:00","description":"Gro\u00dfz\u00fcgige Ferienwohnung mit Vollausstattung im S\u00fcden von Trier, Kfz.- und Fahrrad-Stellplatz. Vollausstattung mit Wonzimmer, K\u00fcche, Bad und Terrasse,","breadcrumb":{"@id":"https:\/\/fewo-rebellius-trier.de\/die-ferienwohnung\/#breadcrumb"},"inLanguage":"en-US","potentialAction":[{"@type":"ReadAction","target":["https:\/\/fewo-rebellius-trier.de\/die-ferienwohnung\/"]}]},{"@type":"ImageObject","inLanguage":"en-US","@id":"https:\/\/fewo-rebellius-trier.de\/die-ferienwohnung\/#primaryimage","url":"https:\/\/fewo-rebellius-trier.de\/wp-content\/uploads\/p_rbellius_dom_trier-stripe.jpg","contentUrl":"https:\/\/fewo-rebellius-trier.de\/wp-content\/uploads\/p_rbellius_dom_trier-stripe.jpg","width":1920,"height":400,"caption":"P Rebellius Dom zu Trier"},{"@type":"BreadcrumbList","@id":"https:\/\/fewo-rebellius-trier.de\/die-ferienwohnung\/#breadcrumb","itemListElement":[{"@type":"ListItem","position":1,"name":"Startseite","item":"https:\/\/fewo-rebellius-trier.de\/"},{"@type":"ListItem","position":2,"name":"Die Ferienwohnung"}]},{"@type":"WebSite","@id":"https:\/\/fewo-rebellius-trier.de\/#website","url":"https:\/\/fewo-rebellius-trier.de\/","name":"Holiday apartment Rebellius Trier","description":"Einfach entspannt Urlaub machen ...","publisher":{"@id":"https:\/\/fewo-rebellius-trier.de\/#organization"},"potentialAction":[{"@type":"SearchAction","target":{"@type":"EntryPoint","urlTemplate":"https:\/\/fewo-rebellius-trier.de\/?s={search_term_string}"},"query-input":{"@type":"PropertyValueSpecification","valueRequired":true,"valueName":"search_term_string"}}],"inLanguage":"en-US"},{"@type":"Organization","@id":"https:\/\/fewo-rebellius-trier.de\/#organization","name":"Holiday apartment Rebellius Trier","url":"https:\/\/fewo-rebellius-trier.de\/","logo":{"@type":"ImageObject","inLanguage":"en-US","@id":"https:\/\/fewo-rebellius-trier.de\/#\/schema\/logo\/image\/","url":"https:\/\/fewo-rebellius-trier.de\/wp-content\/uploads\/logo-fewo-rebellius-750px-1.png","contentUrl":"https:\/\/fewo-rebellius-trier.de\/wp-content\/uploads\/logo-fewo-rebellius-750px-1.png","width":750,"height":200,"caption":"Holiday apartment Rebellius Trier"},"image":{"@id":"https:\/\/fewo-rebellius-trier.de\/#\/schema\/logo\/image\/"}}]}},"_links":{"self":[{"href":"https:\/\/fewo-rebellius-trier.de\/en\/wp-json\/wp\/v2\/pages\/86","targetHints":{"allow":["GET"]}}],"collection":[{"href":"https:\/\/fewo-rebellius-trier.de\/en\/wp-json\/wp\/v2\/pages"}],"about":[{"href":"https:\/\/fewo-rebellius-trier.de\/en\/wp-json\/wp\/v2\/types\/page"}],"author":[{"embeddable":true,"href":"https:\/\/fewo-rebellius-trier.de\/en\/wp-json\/wp\/v2\/users\/1"}],"replies":[{"embeddable":true,"href":"https:\/\/fewo-rebellius-trier.de\/en\/wp-json\/wp\/v2\/comments?post=86"}],"version-history":[{"count":19,"href":"https:\/\/fewo-rebellius-trier.de\/en\/wp-json\/wp\/v2\/pages\/86\/revisions"}],"predecessor-version":[{"id":1019,"href":"https:\/\/fewo-rebellius-trier.de\/en\/wp-json\/wp\/v2\/pages\/86\/revisions\/1019"}],"wp:featuredmedia":[{"embeddable":true,"href":"https:\/\/fewo-rebellius-trier.de\/en\/wp-json\/wp\/v2\/media\/473"}],"wp:attachment":[{"href":"https:\/\/fewo-rebellius-trier.de\/en\/wp-json\/wp\/v2\/media?parent=86"}],"curies":[{"name":"wp","href":"https:\/\/api.w.org\/{rel}","templated":true}]}}